{"id":7599,"date":"2022-12-02T15:16:16","date_gmt":"2022-12-02T15:16:16","guid":{"rendered":"https:\/\/augur.es\/nosaltres\/"},"modified":"2022-12-21T11:32:34","modified_gmt":"2022-12-21T11:32:34","slug":"nosaltres","status":"publish","type":"page","link":"https:\/\/augur.es\/ca\/nosaltres\/","title":{"rendered":"Nosaltres"},"content":{"rendered":"\t\t<div data-elementor-type=\"wp-page\" data-elementor-id=\"7599\" class=\"elementor elementor-7599\">\n\t\t\t\t\t\t<section class=\"elementor-section elementor-top-section elementor-element elementor-element-7f72a6b elementor-section-full_width elementor-section-stretched elementor-section-height-default elementor-section-height-default qodef-elementor-content-no\" data-id=\"7f72a6b\" data-element_type=\"section\" data-settings=\"{&quot;stretch_section&quot;:&quot;section-stretched&quot;}\">\n\t\t\t\t\t\t<div class=\"elementor-container elementor-column-gap-default\">\n\t\t\t\t\t<div class=\"elementor-column elementor-col-100 elementor-top-column elementor-element elementor-element-f998072\" data-id=\"f998072\" data-element_type=\"column\">\n\t\t\t<div class=\"elementor-widget-wrap elementor-element-populated\">\n\t\t\t\t\t\t<div class=\"elementor-element elementor-element-2a8466b elementor-widget elementor-widget-qi_addons_for_elementor_dual_image_with_content\" data-id=\"2a8466b\" data-element_type=\"widget\" data-widget_type=\"qi_addons_for_elementor_dual_image_with_content.default\">\n\t\t\t\t<div class=\"elementor-widget-container\">\n\t\t\t\t\t<div class=\"qodef-shortcode qodef-m qodef-qi-dual-image-with-content qodef--content-left qodef-decoration--italic qodef-link--underline-draw qodef-qi--has-appear\">\n\t<div class=\"qodef-dual-content\">\n\t\t<div class=\"qodef-m-inner-content\">\n\t\t\t\t<h2 class=\"qodef-m-title\">\n\t\tEstudi d'arquitectura a Barcelona\t<\/h2>\n\t\t\t\t<p class=\"qodef-m-text\">AUGUR ARQUITECTURA I URBANISME SLP, \u00e9s un estudi d'arquitectura amb base a Barcelona format per professionals amb una experi\u00e8ncia de m\u00e9s de 25 anys, que desenvolupa projectes d'edificaci\u00f3 de les tipologies m\u00e9s variades, aix\u00ed com de la gesti\u00f3 i transformaci\u00f3 dels processos urban\u00edstics.<br>\n<br>Origin\u00e0riament naixem fruit de l'associaci\u00f3 de diversos professionals del sector, cadascun enfocat a un \u00e0mbit del proc\u00e9s projectual. Jordi Pellejero Mestre, arquitecte, lidera la direcci\u00f3 del despatx i complementa els treballs interns amb consultors externs altament especialitzats.<\/p>\n\t\t<\/div>\n\t\t<div class=\"qodef-m-inner-bottom\">\n\t\t\t\t\t<\/div>\n\t<\/div>\n\t<div class=\"qodef-image-holder\">\n\t\t<div class=\"qodef-m-main-image\">\n\t<img fetchpriority=\"high\" decoding=\"async\" width=\"1434\" height=\"800\" src=\"https:\/\/augur.es\/wp-content\/uploads\/2022\/12\/PORTADA-5-WEB.jpg\" class=\"attachment-full size-full\" alt=\"\" srcset=\"https:\/\/augur.es\/wp-content\/uploads\/2022\/12\/PORTADA-5-WEB.jpg 1434w, https:\/\/augur.es\/wp-content\/uploads\/2022\/12\/PORTADA-5-WEB-300x167.jpg 300w, https:\/\/augur.es\/wp-content\/uploads\/2022\/12\/PORTADA-5-WEB-1024x571.jpg 1024w, https:\/\/augur.es\/wp-content\/uploads\/2022\/12\/PORTADA-5-WEB-768x428.jpg 768w\" sizes=\"(max-width: 1434px) 100vw, 1434px\" \/><\/div>\n\t\t<div class=\"qodef-m-second-image\">\n\t<\/div>\n\t<\/div>\n<\/div>\n\t\t\t\t<\/div>\n\t\t\t\t<\/div>\n\t\t\t\t<div class=\"elementor-element elementor-element-84a8e2b elementor-widget elementor-widget-qi_addons_for_elementor_dual_image_with_content\" data-id=\"84a8e2b\" data-element_type=\"widget\" data-widget_type=\"qi_addons_for_elementor_dual_image_with_content.default\">\n\t\t\t\t<div class=\"elementor-widget-container\">\n\t\t\t\t\t<div class=\"qodef-shortcode qodef-m qodef-qi-dual-image-with-content qodef--content-right qodef-decoration--italic qodef-link--underline-draw qodef-qi--has-appear\">\n\t<div class=\"qodef-dual-content\">\n\t\t<div class=\"qodef-m-inner-content\">\n\t\t\t\t<h2 class=\"qodef-m-title\">\n\t\tEls nostres objectius\t<\/h2>\n\t\t\t\t<p class=\"qodef-m-text\">Aquesta estructura altament flexible, que aposta per la sinergia entre professionals i serveis complementaris, ens permet encarar feines de molt diferent envergadura i tipologia.<br>\n<br>A l'hora de fixar els nostres objectius cal destacar:<br>\n<br>\u279c Comprom\u00eds amb el client, captar, entendre i assessorar en funci\u00f3 de les vostres necessitats.<br>\n<br>\u279c Qualitat. L'obra respondr\u00e0 a una exig\u00e8ncia de qualitat global: des de la manera de treballar fins als materials de la construcci\u00f3; des de la presa de consci\u00e8ncia del programa del client fins a les propostes formals i des del control pressupostari fins a la sostenibilitat ambiental.<br>\n<br>\u279c Exig\u00e8ncia. Cada projecte demana que ens adaptem a noves exig\u00e8ncies ia cercar i trobar respostes adequades ia mida. Singularitzar cada enc\u00e0rrec i dotar-lo de car\u00e0cter \u00fanic.<\/p>\n\t\t<\/div>\n\t\t<div class=\"qodef-m-inner-bottom\">\n\t\t\t\t\t<\/div>\n\t<\/div>\n\t<div class=\"qodef-image-holder\">\n\t\t<div class=\"qodef-m-main-image\">\n\t<img decoding=\"async\" width=\"1617\" height=\"800\" src=\"https:\/\/augur.es\/wp-content\/uploads\/2022\/12\/PORTADA-3WEB.jpg\" class=\"attachment-full size-full\" alt=\"\" srcset=\"https:\/\/augur.es\/wp-content\/uploads\/2022\/12\/PORTADA-3WEB.jpg 1617w, https:\/\/augur.es\/wp-content\/uploads\/2022\/12\/PORTADA-3WEB-300x148.jpg 300w, https:\/\/augur.es\/wp-content\/uploads\/2022\/12\/PORTADA-3WEB-1024x507.jpg 1024w, https:\/\/augur.es\/wp-content\/uploads\/2022\/12\/PORTADA-3WEB-768x380.jpg 768w, https:\/\/augur.es\/wp-content\/uploads\/2022\/12\/PORTADA-3WEB-1536x760.jpg 1536w\" sizes=\"(max-width: 1617px) 100vw, 1617px\" \/><\/div>\n\t\t<div class=\"qodef-m-second-image\">\n\t<\/div>\n\t<\/div>\n<\/div>\n\t\t\t\t<\/div>\n\t\t\t\t<\/div>\n\t\t\t\t<div class=\"elementor-element elementor-element-4c925a0 elementor-widget elementor-widget-qi_addons_for_elementor_dual_image_with_content\" data-id=\"4c925a0\" data-element_type=\"widget\" data-widget_type=\"qi_addons_for_elementor_dual_image_with_content.default\">\n\t\t\t\t<div class=\"elementor-widget-container\">\n\t\t\t\t\t<div class=\"qodef-shortcode qodef-m qodef-qi-dual-image-with-content qodef--content-left qodef-decoration--italic qodef-link--underline-draw qodef-qi--has-appear\">\n\t<div class=\"qodef-dual-content\">\n\t\t<div class=\"qodef-m-inner-content\">\n\t\t\t\t<h2 class=\"qodef-m-title\">\n\t\tAugur com a empresa\t<\/h2>\n\t\t\t\t<p class=\"qodef-m-text\">L'elevada qualificaci\u00f3 dels nostres professionals ens permeten oferir als nostres clients els millors serveis t\u00e8cnics en les diferents fases del proc\u00e9s constructiu:<br>\n<br>\u2713 L'ESTUDI DE VIABILITAT\n<br>\u2713 EL COMPLEX PROC\u00c9S DE TRANSFORMACI\u00d3 URBAN\u00cdSTICA\n<br>\u2713 L'EXECUCI\u00d3 DE LA URBANITZACI\u00d3\n<br>\u2713 LA REDACCI\u00d3 DE PROJECTES B\u00c0SICS I D'EXECUCI\u00d3 DE L'EDIFICACI\u00d3\n<br>\u2713 EL SEGUIMENT GESTI\u00d3 I ADRECES D'OBRA<br>\n<br>S\u00f3n fases en qu\u00e8 treballem coordinats, aconseguint diferents nivells d'intervenci\u00f3 a cada moment del seu desenvolupament. Aix\u00f2 ens ha perm\u00e8s treballar amb volums d'obra importants, garantint la qualitat i coordinaci\u00f3 del nostre treball.<br>\n<br>De la mateixa manera estem acostumats a treballar en el seguiment continuat del proc\u00e9s, com ara la gesti\u00f3 d'obtenci\u00f3 de llic\u00e8ncies, aprovacions de planejament, contractaci\u00f3 i col\u00b7laboraci\u00f3 amb tots els agents que participen en el proc\u00e9s constructiu: geot\u00e8cnia, enginyeries, contractistes i industrials.<br>\n<br>Sensibles a l'evoluci\u00f3 de la nostra professi\u00f3, l'orientaci\u00f3 del nostre treball es dirigeix a desenvolupar, cada cop m\u00e9s, t\u00e8cniques i solucions constructives que milloren les prestacions d'habitabilitat i d'efici\u00e8ncia mediambiental, com hem tingut ocasi\u00f3 d'aplicar en alguns dels nostres darrers treballs .<\/p>\n\t\t<\/div>\n\t\t<div class=\"qodef-m-inner-bottom\">\n\t\t\t\t\t<\/div>\n\t<\/div>\n\t<div class=\"qodef-image-holder\">\n\t\t<div class=\"qodef-m-main-image\">\n\t<img decoding=\"async\" width=\"1354\" height=\"800\" src=\"https:\/\/augur.es\/wp-content\/uploads\/2022\/12\/PORTADA-10-WEB.jpg\" class=\"attachment-full size-full\" alt=\"\" srcset=\"https:\/\/augur.es\/wp-content\/uploads\/2022\/12\/PORTADA-10-WEB.jpg 1354w, https:\/\/augur.es\/wp-content\/uploads\/2022\/12\/PORTADA-10-WEB-300x177.jpg 300w, https:\/\/augur.es\/wp-content\/uploads\/2022\/12\/PORTADA-10-WEB-1024x605.jpg 1024w, https:\/\/augur.es\/wp-content\/uploads\/2022\/12\/PORTADA-10-WEB-768x454.jpg 768w\" sizes=\"(max-width: 1354px) 100vw, 1354px\" \/><\/div>\n\t\t<div class=\"qodef-m-second-image\">\n\t<\/div>\n\t<\/div>\n<\/div>\n\t\t\t\t<\/div>\n\t\t\t\t<\/div>\n\t\t\t\t\t<\/div>\n\t\t<\/div>\n\t\t\t\t\t<\/div>\n\t\t<\/section>\n\t\t\t\t<\/div>\n\t\t","protected":false},"excerpt":{"rendered":"<p>Estudi d&#8217;arquitectura a Barcelona AUGUR ARQUITECTURA I URBANISME SLP, \u00e9s un estudi d&#8217;arquitectura amb base a Barcelona format per professionals amb una experi\u00e8ncia de m\u00e9s de 25 anys, que desenvolupa projectes d&#8217;edificaci\u00f3 de les tipologies m\u00e9s variades, aix\u00ed com de la gesti\u00f3 i transformaci\u00f3 dels processos urban\u00edstics. Origin\u00e0riament naixem fruit de l&#8217;associaci\u00f3 de diversos professionals [&hellip;]<\/p>\n","protected":false},"author":2,"featured_media":0,"parent":0,"menu_order":0,"comment_status":"closed","ping_status":"closed","template":"","meta":{"footnotes":""},"class_list":["post-7599","page","type-page","status-publish","hentry"],"_links":{"self":[{"href":"https:\/\/augur.es\/ca\/wp-json\/wp\/v2\/pages\/7599","targetHints":{"allow":["GET"]}}],"collection":[{"href":"https:\/\/augur.es\/ca\/wp-json\/wp\/v2\/pages"}],"about":[{"href":"https:\/\/augur.es\/ca\/wp-json\/wp\/v2\/types\/page"}],"author":[{"embeddable":true,"href":"https:\/\/augur.es\/ca\/wp-json\/wp\/v2\/users\/2"}],"replies":[{"embeddable":true,"href":"https:\/\/augur.es\/ca\/wp-json\/wp\/v2\/comments?post=7599"}],"version-history":[{"count":4,"href":"https:\/\/augur.es\/ca\/wp-json\/wp\/v2\/pages\/7599\/revisions"}],"predecessor-version":[{"id":7645,"href":"https:\/\/augur.es\/ca\/wp-json\/wp\/v2\/pages\/7599\/revisions\/7645"}],"wp:attachment":[{"href":"https:\/\/augur.es\/ca\/wp-json\/wp\/v2\/media?parent=7599"}],"curies":[{"name":"wp","href":"https:\/\/api.w.org\/{rel}","templated":true}]}}